{"id":28491,"date":"2022-09-21T12:04:16","date_gmt":"2022-09-21T10:04:16","guid":{"rendered":"https:\/\/naturzentrum-thurauen.ch\/?page_id=28491"},"modified":"2022-10-10T16:01:13","modified_gmt":"2022-10-10T14:01:13","slug":"conferences-et-seminaires","status":"publish","type":"page","link":"https:\/\/naturzentrum-thurauen.ch\/fr\/conferences-et-seminaires\/","title":{"rendered":"Conf\u00e9rences et s\u00e9minaires"},"content":{"rendered":"\t\t<div data-elementor-type=\"wp-page\" data-elementor-id=\"28491\" class=\"elementor elementor-28491 elementor-285\" data-elementor-post-type=\"page\">\n\t\t\t\t\t\t<section class=\"elementor-section elementor-top-section elementor-element elementor-element-785dc1f elementor-section-height-min-height elementor-hidden-mobile elementor-section-boxed elementor-section-height-default elementor-section-items-middle\" data-id=\"785dc1f\" data-element_type=\"section\" data-e-type=\"section\" data-settings=\"{&quot;background_background&quot;:&quot;classic&quot;}\">\n\t\t\t\t\t\t<div class=\"elementor-container elementor-column-gap-no\">\n\t\t\t\t\t<div class=\"elementor-column elementor-col-33 elementor-top-column elementor-element elementor-element-1edc5b08\" data-id=\"1edc5b08\" data-element_type=\"column\" data-e-type=\"column\" data-settings=\"{&quot;background_background&quot;:&quot;classic&quot;}\">\n\t\t\t<div class=\"elementor-widget-wrap\">\n\t\t\t\t\t\t\t<\/div>\n\t\t<\/div>\n\t\t\t\t<div class=\"elementor-column elementor-col-33 elementor-top-column elementor-element elementor-element-27182523 elementor-hidden-mobile\" data-id=\"27182523\" data-element_type=\"column\" data-e-type=\"column\">\n\t\t\t<div class=\"elementor-widget-wrap\">\n\t\t\t\t\t\t\t<\/div>\n\t\t<\/div>\n\t\t\t\t<div class=\"elementor-column elementor-col-33 elementor-top-column elementor-element elementor-element-31d1894d\" data-id=\"31d1894d\" data-element_type=\"column\" data-e-type=\"column\">\n\t\t\t<div class=\"elementor-widget-wrap elementor-element-populated\">\n\t\t\t\t\t\t<div class=\"elementor-element elementor-element-5663f860 elementor-widget elementor-widget-heading\" data-id=\"5663f860\" data-element_type=\"widget\" data-e-type=\"widget\" data-widget_type=\"heading.default\">\n\t\t\t\t<div class=\"elementor-widget-container\">\n\t\t\t\t\t<h1 class=\"elementor-heading-title elementor-size-default\">Conf\u00e9rences et s\u00e9minaires<\/h1>\t\t\t\t<\/div>\n\t\t\t\t<\/div>\n\t\t\t\t<div class=\"elementor-element elementor-element-3979bafa elementor-widget elementor-widget-text-editor\" data-id=\"3979bafa\" data-element_type=\"widget\" data-e-type=\"widget\" data-widget_type=\"text-editor.default\">\n\t\t\t\t<div class=\"elementor-widget-container\">\n\t\t\t\t\t\t\t\t\t<p>Le centre nature dispose de locaux modernes pour conf\u00e9rences, s\u00e9minaires ou cours. Dans un cadre verdoyant et inspirant, vous pouvez vous concentrer en toute tranquillit\u00e9 sur votre sujet.<\/p>\t\t\t\t\t\t\t\t<\/div>\n\t\t\t\t<\/div>\n\t\t\t\t\t<\/div>\n\t\t<\/div>\n\t\t\t\t\t<\/div>\n\t\t<\/section>\n\t\t\t\t<section class=\"elementor-section elementor-top-section elementor-element elementor-element-46c7717c elementor-section-height-min-height elementor-hidden-desktop elementor-hidden-laptop elementor-hidden-tablet elementor-section-boxed elementor-section-height-default elementor-section-items-middle\" data-id=\"46c7717c\" data-element_type=\"section\" data-e-type=\"section\" data-settings=\"{&quot;background_background&quot;:&quot;classic&quot;}\">\n\t\t\t\t\t\t<div class=\"elementor-container elementor-column-gap-no\">\n\t\t\t\t\t<div class=\"elementor-column elementor-col-33 elementor-top-column elementor-element elementor-element-6fb6e373\" data-id=\"6fb6e373\" data-element_type=\"column\" data-e-type=\"column\" data-settings=\"{&quot;background_background&quot;:&quot;classic&quot;}\">\n\t\t\t<div class=\"elementor-widget-wrap elementor-element-populated\">\n\t\t\t\t\t\t<div class=\"elementor-element elementor-element-680f7209 elementor-hidden-desktop elementor-hidden-laptop elementor-hidden-tablet elementor-widget elementor-widget-image\" data-id=\"680f7209\" data-element_type=\"widget\" data-e-type=\"widget\" data-widget_type=\"image.default\">\n\t\t\t\t<div class=\"elementor-widget-container\">\n\t\t\t\t\t\t\t\t\t\t\t\t\t\t\t<img fetchpriority=\"high\" decoding=\"async\" width=\"768\" height=\"576\" src=\"https:\/\/naturzentrum-thurauen.ch\/wp-content\/uploads\/sites\/3\/2021\/12\/Seminar_Header_quer_BEARB-768x576.jpg\" class=\"attachment-medium_large size-medium_large wp-image-27300\" alt=\"\" srcset=\"https:\/\/naturzentrum-thurauen.ch\/wp-content\/uploads\/sites\/3\/2021\/12\/Seminar_Header_quer_BEARB-768x576.jpg 768w, https:\/\/naturzentrum-thurauen.ch\/wp-content\/uploads\/sites\/3\/2021\/12\/Seminar_Header_quer_BEARB-300x225.jpg 300w, https:\/\/naturzentrum-thurauen.ch\/wp-content\/uploads\/sites\/3\/2021\/12\/Seminar_Header_quer_BEARB-1024x768.jpg 1024w, https:\/\/naturzentrum-thurauen.ch\/wp-content\/uploads\/sites\/3\/2021\/12\/Seminar_Header_quer_BEARB-1536x1152.jpg 1536w, https:\/\/naturzentrum-thurauen.ch\/wp-content\/uploads\/sites\/3\/2021\/12\/Seminar_Header_quer_BEARB-2048x1536.jpg 2048w\" sizes=\"(max-width: 768px) 100vw, 768px\" \/>\t\t\t\t\t\t\t\t\t\t\t\t\t\t\t<\/div>\n\t\t\t\t<\/div>\n\t\t\t\t\t<\/div>\n\t\t<\/div>\n\t\t\t\t<div class=\"elementor-column elementor-col-33 elementor-top-column elementor-element elementor-element-1a50344c elementor-hidden-mobile\" data-id=\"1a50344c\" data-element_type=\"column\" data-e-type=\"column\">\n\t\t\t<div class=\"elementor-widget-wrap\">\n\t\t\t\t\t\t\t<\/div>\n\t\t<\/div>\n\t\t\t\t<div class=\"elementor-column elementor-col-33 elementor-top-column elementor-element elementor-element-51395f18\" data-id=\"51395f18\" data-element_type=\"column\" data-e-type=\"column\">\n\t\t\t<div class=\"elementor-widget-wrap elementor-element-populated\">\n\t\t\t\t\t\t<div class=\"elementor-element elementor-element-433e0a5a elementor-widget elementor-widget-heading\" data-id=\"433e0a5a\" data-element_type=\"widget\" data-e-type=\"widget\" data-widget_type=\"heading.default\">\n\t\t\t\t<div class=\"elementor-widget-container\">\n\t\t\t\t\t<h1 class=\"elementor-heading-title elementor-size-default\">Conf\u00e9rences et s\u00e9minaires<\/h1>\t\t\t\t<\/div>\n\t\t\t\t<\/div>\n\t\t\t\t<div class=\"elementor-element elementor-element-1ae3ce51 elementor-widget elementor-widget-text-editor\" data-id=\"1ae3ce51\" data-element_type=\"widget\" data-e-type=\"widget\" data-widget_type=\"text-editor.default\">\n\t\t\t\t<div class=\"elementor-widget-container\">\n\t\t\t\t\t\t\t\t\t<p>Le centre nature dispose de locaux modernes pour conf\u00e9rences, s\u00e9minaires ou cours. Dans un cadre verdoyant et inspirant, vous pouvez vous concentrer en toute tranquillit\u00e9 sur votre sujet.<\/p>\t\t\t\t\t\t\t\t<\/div>\n\t\t\t\t<\/div>\n\t\t\t\t\t<\/div>\n\t\t<\/div>\n\t\t\t\t\t<\/div>\n\t\t<\/section>\n\t\t\t\t<section class=\"elementor-section elementor-top-section elementor-element elementor-element-d060316 elementor-section-boxed elementor-section-height-default elementor-section-height-default\" data-id=\"d060316\" data-element_type=\"section\" data-e-type=\"section\">\n\t\t\t\t\t\t<div class=\"elementor-container elementor-column-gap-no\">\n\t\t\t\t\t<div class=\"elementor-column elementor-col-33 elementor-top-column elementor-element elementor-element-e3bd8c9\" data-id=\"e3bd8c9\" data-element_type=\"column\" data-e-type=\"column\">\n\t\t\t<div class=\"elementor-widget-wrap elementor-element-populated\">\n\t\t\t\t\t\t<div class=\"elementor-element elementor-element-7659e9c1 elementor-widget elementor-widget-heading\" data-id=\"7659e9c1\" data-element_type=\"widget\" data-e-type=\"widget\" data-widget_type=\"heading.default\">\n\t\t\t\t<div class=\"elementor-widget-container\">\n\t\t\t\t\t<h3 class=\"elementor-heading-title elementor-size-default\">Notre offre<\/h3>\t\t\t\t<\/div>\n\t\t\t\t<\/div>\n\t\t\t\t\t<\/div>\n\t\t<\/div>\n\t\t\t\t<div class=\"elementor-column elementor-col-33 elementor-top-column elementor-element elementor-element-15deb376\" data-id=\"15deb376\" data-element_type=\"column\" data-e-type=\"column\">\n\t\t\t<div class=\"elementor-widget-wrap\">\n\t\t\t\t\t\t\t<\/div>\n\t\t<\/div>\n\t\t\t\t<div class=\"elementor-column elementor-col-33 elementor-top-column elementor-element elementor-element-230c5d9e\" data-id=\"230c5d9e\" data-element_type=\"column\" data-e-type=\"column\">\n\t\t\t<div class=\"elementor-widget-wrap elementor-element-populated\">\n\t\t\t\t\t\t<section class=\"elementor-section elementor-inner-section elementor-element elementor-element-1055b434 elementor-section-boxed elementor-section-height-default elementor-section-height-default\" data-id=\"1055b434\" data-element_type=\"section\" data-e-type=\"section\">\n\t\t\t\t\t\t<div class=\"elementor-container elementor-column-gap-no\">\n\t\t\t\t\t<div class=\"elementor-column elementor-col-33 elementor-inner-column elementor-element elementor-element-3f616b59\" data-id=\"3f616b59\" data-element_type=\"column\" data-e-type=\"column\">\n\t\t\t<div class=\"elementor-widget-wrap elementor-element-populated\">\n\t\t\t\t\t\t<div class=\"elementor-element elementor-element-543c12c6 elementor-widget elementor-widget-text-editor\" data-id=\"543c12c6\" data-element_type=\"widget\" data-e-type=\"widget\" data-widget_type=\"text-editor.default\">\n\t\t\t\t<div class=\"elementor-widget-container\">\n\t\t\t\t\t\t\t\t\t<p><strong>Salle de s\u00e9minaire<\/strong><\/p><p>La salle de s\u00e9minaire au 1er \u00e9tage du centre nature (80 m2) peut accueillir jusqu\u2019\u00e0 30 personnes en configuration s\u00e9minaire (table et chaise), ou jusqu\u2019\u00e0 50 personnes en configuration concert.<\/p><p>La salle est dot\u00e9e d\u2019une infrastructure moderne et d\u2019un \u00e9quipement technique de base. Projecteur, \u00e9cran, flip chart et mallette de pr\u00e9sentation \u00e0 disposition.<\/p>\t\t\t\t\t\t\t\t<\/div>\n\t\t\t\t<\/div>\n\t\t\t\t<div class=\"elementor-element elementor-element-476ed7d elementor-widget elementor-widget-text-editor\" data-id=\"476ed7d\" data-element_type=\"widget\" data-e-type=\"widget\" data-widget_type=\"text-editor.default\">\n\t\t\t\t<div class=\"elementor-widget-container\">\n\t\t\t\t\t\t\t\t\t<p><strong>Prix de location de la salle de s\u00e9minaire<\/strong><\/p><p>demi-journ\u00e9e\u00a0: CHF 150,\u2013<\/p><p>journ\u00e9e\u00a0: CHF 250,\u2013<\/p><p>soir\u00e9e\u00a0: CHF 175.\u2013 (en dehors des heures d\u2019ouverture, donc suppl\u00e9ment de CHF 25.\u2013)<\/p>\t\t\t\t\t\t\t\t<\/div>\n\t\t\t\t<\/div>\n\t\t\t\t\t<\/div>\n\t\t<\/div>\n\t\t\t\t<div class=\"elementor-column elementor-col-33 elementor-inner-column elementor-element elementor-element-2332834c\" data-id=\"2332834c\" data-element_type=\"column\" data-e-type=\"column\">\n\t\t\t<div class=\"elementor-widget-wrap\">\n\t\t\t\t\t\t\t<\/div>\n\t\t<\/div>\n\t\t\t\t<div class=\"elementor-column elementor-col-33 elementor-inner-column elementor-element elementor-element-5d541826\" data-id=\"5d541826\" data-element_type=\"column\" data-e-type=\"column\">\n\t\t\t<div class=\"elementor-widget-wrap elementor-element-populated\">\n\t\t\t\t\t\t<div class=\"elementor-element elementor-element-42c693ae list-minus elementor-widget elementor-widget-text-editor\" data-id=\"42c693ae\" data-element_type=\"widget\" data-e-type=\"widget\" data-widget_type=\"text-editor.default\">\n\t\t\t\t<div class=\"elementor-widget-container\">\n\t\t\t\t\t\t\t\t\t<p><strong>Offre tout compris<\/strong><\/p><p>Vous ne souhaitez pas seulement louer la salle de s\u00e9minaire, mais \u00e9galement b\u00e9n\u00e9ficier d\u2019une restauration ? Nous vous le proposons volontiers:\u00a0<\/p><ul><li>1 pause-caf\u00e9 en matin\u00e9e avec caf\u00e9, th\u00e9 et croissants<\/li><li>1 pause-caf\u00e9 l\u2019apr\u00e8s-midi avec caf\u00e9, th\u00e9 et sandwiches<\/li><li>repas de 2 services \u00e0 midi, au restaurant R\u00fcbis&amp;St\u00fcbis<\/li><li>eau min\u00e9rale et caf\u00e9 ou th\u00e9 avec le repas<\/li><li>corbeille d\u2019en-cas interm\u00e9diaires avec pommes et petits g\u00e2teaux<\/li><\/ul>\t\t\t\t\t\t\t\t<\/div>\n\t\t\t\t<\/div>\n\t\t\t\t<div class=\"elementor-element elementor-element-468f646 list-minus elementor-widget elementor-widget-text-editor\" data-id=\"468f646\" data-element_type=\"widget\" data-e-type=\"widget\" data-widget_type=\"text-editor.default\">\n\t\t\t\t<div class=\"elementor-widget-container\">\n\t\t\t\t\t\t\t\t\t<p><strong>Prix \u00ab\u00a0tout compris\u00a0\u00bb par personne (\u00e0 partir de 6 personnes)<\/strong><\/p><p>journ\u00e9e enti\u00e8re, jusqu\u2019\u00e0 30 personnes\u00a0: CHF 85.\u2013 par personne<\/p><p>journ\u00e9e enti\u00e8re, 31 \u00e0 50 personnes\u00a0: CHF 80.\u2013 par personne<\/p><p>demi-journ\u00e9e, jusqu\u2019\u00e0 30 personnes\u00a0: CHF 65.\u2013 par personne<\/p><p>demi-journ\u00e9e, 31 \u00e0 50 personnes\u00a0: CHF 60.\u2013 par personne<\/p>\t\t\t\t\t\t\t\t<\/div>\n\t\t\t\t<\/div>\n\t\t\t\t\t<\/div>\n\t\t<\/div>\n\t\t\t\t\t<\/div>\n\t\t<\/section>\n\t\t\t\t<div class=\"elementor-element elementor-element-9078836 elementor-widget elementor-widget-button\" data-id=\"9078836\" data-element_type=\"widget\" data-e-type=\"widget\" data-widget_type=\"button.default\">\n\t\t\t\t<div class=\"elementor-widget-container\">\n\t\t\t\t\t\t\t\t\t<div class=\"elementor-button-wrapper\">\n\t\t\t\t\t<a class=\"elementor-button elementor-button-link elementor-size-sm\" href=\"https:\/\/naturzentrum-thurauen.ch\/fr\/formulaire-conferences-et-seminaires\/\">\n\t\t\t\t\t\t<span class=\"elementor-button-content-wrapper\">\n\t\t\t\t\t\t\t\t\t<span class=\"elementor-button-text\">Je suis int\u00e9ress\u00e9(e) par une r\u00e9servation de la salle de s\u00e9minaire<\/span>\n\t\t\t\t\t<\/span>\n\t\t\t\t\t<\/a>\n\t\t\t\t<\/div>\n\t\t\t\t\t\t\t\t<\/div>\n\t\t\t\t<\/div>\n\t\t\t\t\t<\/div>\n\t\t<\/div>\n\t\t\t\t\t<\/div>\n\t\t<\/section>\n\t\t\t\t<section class=\"elementor-section elementor-top-section elementor-element elementor-element-11dff9dc elementor-section-boxed elementor-section-height-default elementor-section-height-default\" data-id=\"11dff9dc\" data-element_type=\"section\" data-e-type=\"section\">\n\t\t\t\t\t\t<div class=\"elementor-container elementor-column-gap-no\">\n\t\t\t\t\t<div class=\"elementor-column elementor-col-33 elementor-top-column elementor-element elementor-element-45a549c2\" data-id=\"45a549c2\" data-element_type=\"column\" data-e-type=\"column\">\n\t\t\t<div class=\"elementor-widget-wrap elementor-element-populated\">\n\t\t\t\t\t\t<div class=\"elementor-element elementor-element-1a504fbd elementor-widget elementor-widget-image\" data-id=\"1a504fbd\" data-element_type=\"widget\" data-e-type=\"widget\" data-widget_type=\"image.default\">\n\t\t\t\t<div class=\"elementor-widget-container\">\n\t\t\t\t\t\t\t\t\t\t\t\t\t\t\t<img decoding=\"async\" width=\"1024\" height=\"768\" src=\"https:\/\/naturzentrum-thurauen.ch\/wp-content\/uploads\/sites\/3\/2021\/12\/Seminarbestuhlung_BEARB-1024x768.jpg\" class=\"attachment-large size-large wp-image-27298\" alt=\"\" srcset=\"https:\/\/naturzentrum-thurauen.ch\/wp-content\/uploads\/sites\/3\/2021\/12\/Seminarbestuhlung_BEARB-1024x768.jpg 1024w, https:\/\/naturzentrum-thurauen.ch\/wp-content\/uploads\/sites\/3\/2021\/12\/Seminarbestuhlung_BEARB-300x225.jpg 300w, https:\/\/naturzentrum-thurauen.ch\/wp-content\/uploads\/sites\/3\/2021\/12\/Seminarbestuhlung_BEARB-768x576.jpg 768w, https:\/\/naturzentrum-thurauen.ch\/wp-content\/uploads\/sites\/3\/2021\/12\/Seminarbestuhlung_BEARB-1536x1152.jpg 1536w, https:\/\/naturzentrum-thurauen.ch\/wp-content\/uploads\/sites\/3\/2021\/12\/Seminarbestuhlung_BEARB-2048x1536.jpg 2048w\" sizes=\"(max-width: 1024px) 100vw, 1024px\" \/>\t\t\t\t\t\t\t\t\t\t\t\t\t\t\t<\/div>\n\t\t\t\t<\/div>\n\t\t\t\t\t<\/div>\n\t\t<\/div>\n\t\t\t\t<div class=\"elementor-column elementor-col-33 elementor-top-column elementor-element elementor-element-729b61e8\" data-id=\"729b61e8\" data-element_type=\"column\" data-e-type=\"column\">\n\t\t\t<div class=\"elementor-widget-wrap\">\n\t\t\t\t\t\t\t<\/div>\n\t\t<\/div>\n\t\t\t\t<div class=\"elementor-column elementor-col-33 elementor-top-column elementor-element elementor-element-67f75aa6\" data-id=\"67f75aa6\" data-element_type=\"column\" data-e-type=\"column\">\n\t\t\t<div class=\"elementor-widget-wrap elementor-element-populated\">\n\t\t\t\t\t\t<div class=\"elementor-element elementor-element-656c0046 elementor-widget elementor-widget-image\" data-id=\"656c0046\" data-element_type=\"widget\" data-e-type=\"widget\" data-widget_type=\"image.default\">\n\t\t\t\t<div class=\"elementor-widget-container\">\n\t\t\t\t\t\t\t\t\t\t\t\t\t\t\t<img decoding=\"async\" width=\"1024\" height=\"768\" src=\"https:\/\/naturzentrum-thurauen.ch\/wp-content\/uploads\/sites\/3\/2021\/12\/Konzertbestuhlung_BEARB-1024x768.jpg\" class=\"attachment-large size-large wp-image-27297\" alt=\"\" srcset=\"https:\/\/naturzentrum-thurauen.ch\/wp-content\/uploads\/sites\/3\/2021\/12\/Konzertbestuhlung_BEARB-1024x768.jpg 1024w, https:\/\/naturzentrum-thurauen.ch\/wp-content\/uploads\/sites\/3\/2021\/12\/Konzertbestuhlung_BEARB-300x225.jpg 300w, https:\/\/naturzentrum-thurauen.ch\/wp-content\/uploads\/sites\/3\/2021\/12\/Konzertbestuhlung_BEARB-768x576.jpg 768w, https:\/\/naturzentrum-thurauen.ch\/wp-content\/uploads\/sites\/3\/2021\/12\/Konzertbestuhlung_BEARB-1536x1152.jpg 1536w, https:\/\/naturzentrum-thurauen.ch\/wp-content\/uploads\/sites\/3\/2021\/12\/Konzertbestuhlung_BEARB-2048x1536.jpg 2048w\" sizes=\"(max-width: 1024px) 100vw, 1024px\" \/>\t\t\t\t\t\t\t\t\t\t\t\t\t\t\t<\/div>\n\t\t\t\t<\/div>\n\t\t\t\t\t<\/div>\n\t\t<\/div>\n\t\t\t\t\t<\/div>\n\t\t<\/section>\n\t\t\t\t<section class=\"elementor-section elementor-top-section elementor-element elementor-element-8e903a3 elementor-section-boxed elementor-section-height-default elementor-section-height-default\" data-id=\"8e903a3\" data-element_type=\"section\" data-e-type=\"section\">\n\t\t\t\t\t\t<div class=\"elementor-container elementor-column-gap-no\">\n\t\t\t\t\t<div class=\"elementor-column elementor-col-50 elementor-top-column elementor-element elementor-element-48b8f7e3\" data-id=\"48b8f7e3\" data-element_type=\"column\" data-e-type=\"column\" data-settings=\"{&quot;background_background&quot;:&quot;classic&quot;}\">\n\t\t\t<div class=\"elementor-widget-wrap elementor-element-populated\">\n\t\t\t\t\t\t<div class=\"elementor-element elementor-element-f409c9f elementor-widget elementor-widget-heading\" data-id=\"f409c9f\" data-element_type=\"widget\" data-e-type=\"widget\" data-widget_type=\"heading.default\">\n\t\t\t\t<div class=\"elementor-widget-container\">\n\t\t\t\t\t<p class=\"elementor-heading-title elementor-size-default\">Nous vous aidons volontiers pour votre r\u00e9servation, veuillez prendre contact avec nous.<\/p>\t\t\t\t<\/div>\n\t\t\t\t<\/div>\n\t\t\t\t<div class=\"elementor-element elementor-element-6d29e5d6 elementor-widget elementor-widget-text-editor\" data-id=\"6d29e5d6\" data-element_type=\"widget\" data-e-type=\"widget\" data-widget_type=\"text-editor.default\">\n\t\t\t\t<div class=\"elementor-widget-container\">\n\t\t\t\t\t\t\t\t\t<p>T\u00e9l\u00e9phone : 052 355 15 55<\/p>\t\t\t\t\t\t\t\t<\/div>\n\t\t\t\t<\/div>\n\t\t\t\t<div class=\"elementor-element elementor-element-3a6bf4dd elementor-widget elementor-widget-text-editor\" data-id=\"3a6bf4dd\" data-element_type=\"widget\" data-e-type=\"widget\" data-widget_type=\"text-editor.default\">\n\t\t\t\t<div class=\"elementor-widget-container\">\n\t\t\t\t\t\t\t\t\t<p>Courrier \u00e9lectronique : <a href=\"mailto:anmeldung@naturzentrum-thurauen.ch\">anmeldung@naturzentrum-thurauen.ch<\/a>&nbsp;<\/p>\t\t\t\t\t\t\t\t<\/div>\n\t\t\t\t<\/div>\n\t\t\t\t\t<\/div>\n\t\t<\/div>\n\t\t\t\t<div class=\"elementor-column elementor-col-50 elementor-top-column elementor-element elementor-element-448f21a2 elementor-hidden-tablet elementor-hidden-mobile\" data-id=\"448f21a2\" data-element_type=\"column\" data-e-type=\"column\">\n\t\t\t<div class=\"elementor-widget-wrap\">\n\t\t\t\t\t\t\t<\/div>\n\t\t<\/div>\n\t\t\t\t\t<\/div>\n\t\t<\/section>\n\t\t\t\t<section class=\"elementor-section elementor-top-section elementor-element elementor-element-74f84edf elementor-section-boxed elementor-section-height-default elementor-section-height-default\" data-id=\"74f84edf\" data-element_type=\"section\" data-e-type=\"section\">\n\t\t\t\t\t\t<div class=\"elementor-container elementor-column-gap-no\">\n\t\t\t\t\t<div class=\"elementor-column elementor-col-20 elementor-top-column elementor-element elementor-element-7e629037\" data-id=\"7e629037\" data-element_type=\"column\" data-e-type=\"column\">\n\t\t\t<div class=\"elementor-widget-wrap elementor-element-populated\">\n\t\t\t\t\t\t<div class=\"elementor-element elementor-element-20b19aca elementor-widget elementor-widget-image\" data-id=\"20b19aca\" data-element_type=\"widget\" data-e-type=\"widget\" data-widget_type=\"image.default\">\n\t\t\t\t<div class=\"elementor-widget-container\">\n\t\t\t\t\t\t\t\t\t\t\t\t\t\t\t\t<a href=\"https:\/\/naturzentrum-thurauen.ch\/fr\/offres-pour-groupes\/\">\n\t\t\t\t\t\t\t<img loading=\"lazy\" decoding=\"async\" width=\"768\" height=\"1024\" src=\"https:\/\/naturzentrum-thurauen.ch\/wp-content\/uploads\/sites\/3\/2021\/11\/Angebot_Erwachsene__Auenerlebnis_hautnah_hoch-1-768x1024.jpg\" class=\"attachment-medium_large size-medium_large wp-image-28847\" alt=\"\" srcset=\"https:\/\/naturzentrum-thurauen.ch\/wp-content\/uploads\/sites\/3\/2021\/11\/Angebot_Erwachsene__Auenerlebnis_hautnah_hoch-1-768x1024.jpg 768w, https:\/\/naturzentrum-thurauen.ch\/wp-content\/uploads\/sites\/3\/2021\/11\/Angebot_Erwachsene__Auenerlebnis_hautnah_hoch-1-225x300.jpg 225w, https:\/\/naturzentrum-thurauen.ch\/wp-content\/uploads\/sites\/3\/2021\/11\/Angebot_Erwachsene__Auenerlebnis_hautnah_hoch-1-300x400.jpg 300w, https:\/\/naturzentrum-thurauen.ch\/wp-content\/uploads\/sites\/3\/2021\/11\/Angebot_Erwachsene__Auenerlebnis_hautnah_hoch-1-1152x1536.jpg 1152w, https:\/\/naturzentrum-thurauen.ch\/wp-content\/uploads\/sites\/3\/2021\/11\/Angebot_Erwachsene__Auenerlebnis_hautnah_hoch-1-1536x2048.jpg 1536w, https:\/\/naturzentrum-thurauen.ch\/wp-content\/uploads\/sites\/3\/2021\/11\/Angebot_Erwachsene__Auenerlebnis_hautnah_hoch-1-scaled.jpg 1920w\" sizes=\"(max-width: 768px) 100vw, 768px\" \/>\t\t\t\t\t\t\t\t<\/a>\n\t\t\t\t\t\t\t\t\t\t\t\t\t\t\t<\/div>\n\t\t\t\t<\/div>\n\t\t\t\t\t<\/div>\n\t\t<\/div>\n\t\t\t\t<div class=\"elementor-column elementor-col-20 elementor-top-column elementor-element elementor-element-d84f8d\" data-id=\"d84f8d\" data-element_type=\"column\" data-e-type=\"column\" data-settings=\"{&quot;background_background&quot;:&quot;classic&quot;}\">\n\t\t\t<div class=\"elementor-widget-wrap elementor-element-populated\">\n\t\t\t\t\t\t<div class=\"elementor-element elementor-element-5b4c419f elementor-widget elementor-widget-heading\" data-id=\"5b4c419f\" data-element_type=\"widget\" data-e-type=\"widget\" data-widget_type=\"heading.default\">\n\t\t\t\t<div class=\"elementor-widget-container\">\n\t\t\t\t\t<div class=\"elementor-heading-title elementor-size-default\">Offre pour groupes<\/div>\t\t\t\t<\/div>\n\t\t\t\t<\/div>\n\t\t\t\t<div class=\"elementor-element elementor-element-1724544b elementor-widget elementor-widget-heading\" data-id=\"1724544b\" data-element_type=\"widget\" data-e-type=\"widget\" data-widget_type=\"heading.default\">\n\t\t\t\t<div class=\"elementor-widget-container\">\n\t\t\t\t\t<h3 class=\"elementor-heading-title elementor-size-default\"><a href=\"https:\/\/naturzentrum-thurauen.ch\/fr\/offres-pour-groupes\/\">Nous avons la bonne offre pour vous et votre groupe (en allemand)<\/a><\/h3>\t\t\t\t<\/div>\n\t\t\t\t<\/div>\n\t\t\t\t<div class=\"elementor-element elementor-element-4dffa9cd elementor-view-default elementor-widget elementor-widget-icon\" data-id=\"4dffa9cd\" data-element_type=\"widget\" data-e-type=\"widget\" data-widget_type=\"icon.default\">\n\t\t\t\t<div class=\"elementor-widget-container\">\n\t\t\t\t\t\t\t<div class=\"elementor-icon-wrapper\">\n\t\t\t<a class=\"elementor-icon\" href=\"https:\/\/naturzentrum-thurauen.ch\/fr\/offres-pour-groupes\/\">\n\t\t\t<svg xmlns=\"http:\/\/www.w3.org\/2000\/svg\" width=\"17\" height=\"15\" viewBox=\"0 0 17 15\"><path d=\"M15,7 L15,8 L-1.2246468e-16,8 L1.2246468e-16,7 L15,7 Z M8.0007122,0.712951816 L8.7040726,1.72448051e-16 L16.2914991,7.48535201 L8.7047848,15 L8,14.2884562 L14.8661309,7.48620379 L8.0007122,0.712951816 Z\"><\/path><\/svg>\t\t\t<\/a>\n\t\t<\/div>\n\t\t\t\t\t\t<\/div>\n\t\t\t\t<\/div>\n\t\t\t\t\t<\/div>\n\t\t<\/div>\n\t\t\t\t<div class=\"elementor-column elementor-col-20 elementor-top-column elementor-element elementor-element-3985fbdd elementor-hidden-mobile\" data-id=\"3985fbdd\" data-element_type=\"column\" data-e-type=\"column\">\n\t\t\t<div class=\"elementor-widget-wrap\">\n\t\t\t\t\t\t\t<\/div>\n\t\t<\/div>\n\t\t\t\t<div class=\"elementor-column elementor-col-20 elementor-top-column elementor-element elementor-element-732fdf93\" data-id=\"732fdf93\" data-element_type=\"column\" data-e-type=\"column\">\n\t\t\t<div class=\"elementor-widget-wrap elementor-element-populated\">\n\t\t\t\t\t\t<div class=\"elementor-element elementor-element-214c3165 elementor-widget elementor-widget-image\" data-id=\"214c3165\" data-element_type=\"widget\" data-e-type=\"widget\" data-widget_type=\"image.default\">\n\t\t\t\t<div class=\"elementor-widget-container\">\n\t\t\t\t\t\t\t\t\t\t\t\t\t\t\t\t<a href=\"https:\/\/naturzentrum-thurauen.ch\/fr\/entree-heures-douverture\/\">\n\t\t\t\t\t\t\t<img loading=\"lazy\" decoding=\"async\" width=\"768\" height=\"1024\" src=\"https:\/\/naturzentrum-thurauen.ch\/wp-content\/uploads\/sites\/3\/2021\/12\/ThurauenZentrum02_hoch_BEARB2-768x1024.jpg\" class=\"attachment-medium_large size-medium_large wp-image-7092\" alt=\"\" srcset=\"https:\/\/naturzentrum-thurauen.ch\/wp-content\/uploads\/sites\/3\/2021\/12\/ThurauenZentrum02_hoch_BEARB2-768x1024.jpg 768w, https:\/\/naturzentrum-thurauen.ch\/wp-content\/uploads\/sites\/3\/2021\/12\/ThurauenZentrum02_hoch_BEARB2-225x300.jpg 225w, https:\/\/naturzentrum-thurauen.ch\/wp-content\/uploads\/sites\/3\/2021\/12\/ThurauenZentrum02_hoch_BEARB2-300x400.jpg 300w, https:\/\/naturzentrum-thurauen.ch\/wp-content\/uploads\/sites\/3\/2021\/12\/ThurauenZentrum02_hoch_BEARB2-1152x1536.jpg 1152w, https:\/\/naturzentrum-thurauen.ch\/wp-content\/uploads\/sites\/3\/2021\/12\/ThurauenZentrum02_hoch_BEARB2-1536x2048.jpg 1536w, https:\/\/naturzentrum-thurauen.ch\/wp-content\/uploads\/sites\/3\/2021\/12\/ThurauenZentrum02_hoch_BEARB2.jpg 1688w\" sizes=\"(max-width: 768px) 100vw, 768px\" \/>\t\t\t\t\t\t\t\t<\/a>\n\t\t\t\t\t\t\t\t\t\t\t\t\t\t\t<\/div>\n\t\t\t\t<\/div>\n\t\t\t\t\t<\/div>\n\t\t<\/div>\n\t\t\t\t<div class=\"elementor-column elementor-col-20 elementor-top-column elementor-element elementor-element-28cc5176\" data-id=\"28cc5176\" data-element_type=\"column\" data-e-type=\"column\" data-settings=\"{&quot;background_background&quot;:&quot;classic&quot;}\">\n\t\t\t<div class=\"elementor-widget-wrap elementor-element-populated\">\n\t\t\t\t\t\t<div class=\"elementor-element elementor-element-33c6ad3b elementor-widget elementor-widget-heading\" data-id=\"33c6ad3b\" data-element_type=\"widget\" data-e-type=\"widget\" data-widget_type=\"heading.default\">\n\t\t\t\t<div class=\"elementor-widget-container\">\n\t\t\t\t\t<div class=\"elementor-heading-title elementor-size-default\">Entr\u00e9e et heures d\u2019ouverture<\/div>\t\t\t\t<\/div>\n\t\t\t\t<\/div>\n\t\t\t\t<div class=\"elementor-element elementor-element-c3aa067 elementor-widget elementor-widget-heading\" data-id=\"c3aa067\" data-element_type=\"widget\" data-e-type=\"widget\" data-widget_type=\"heading.default\">\n\t\t\t\t<div class=\"elementor-widget-container\">\n\t\t\t\t\t<h3 class=\"elementor-heading-title elementor-size-default\"><a href=\"https:\/\/naturzentrum-thurauen.ch\/fr\/entree-heures-douverture\/\">Combinez votre visite chez nous avec la d\u00e9couverte de notre exposition<\/a><\/h3>\t\t\t\t<\/div>\n\t\t\t\t<\/div>\n\t\t\t\t<div class=\"elementor-element elementor-element-3a73485b elementor-view-default elementor-widget elementor-widget-icon\" data-id=\"3a73485b\" data-element_type=\"widget\" data-e-type=\"widget\" data-widget_type=\"icon.default\">\n\t\t\t\t<div class=\"elementor-widget-container\">\n\t\t\t\t\t\t\t<div class=\"elementor-icon-wrapper\">\n\t\t\t<a class=\"elementor-icon\" href=\"https:\/\/naturzentrum-thurauen.ch\/fr\/entree-heures-douverture\/\">\n\t\t\t<svg xmlns=\"http:\/\/www.w3.org\/2000\/svg\" width=\"17\" height=\"15\" viewBox=\"0 0 17 15\"><path d=\"M15,7 L15,8 L-1.2246468e-16,8 L1.2246468e-16,7 L15,7 Z M8.0007122,0.712951816 L8.7040726,1.72448051e-16 L16.2914991,7.48535201 L8.7047848,15 L8,14.2884562 L14.8661309,7.48620379 L8.0007122,0.712951816 Z\"><\/path><\/svg>\t\t\t<\/a>\n\t\t<\/div>\n\t\t\t\t\t\t<\/div>\n\t\t\t\t<\/div>\n\t\t\t\t\t<\/div>\n\t\t<\/div>\n\t\t\t\t\t<\/div>\n\t\t<\/section>\n\t\t\t\t<section class=\"elementor-section elementor-top-section elementor-element elementor-element-635df0c6 elementor-section-content-top elementor-section-boxed elementor-section-height-default elementor-section-height-default\" data-id=\"635df0c6\" data-element_type=\"section\" data-e-type=\"section\" data-settings=\"{&quot;background_background&quot;:&quot;classic&quot;}\">\n\t\t\t\t\t\t<div class=\"elementor-container elementor-column-gap-no\">\n\t\t\t\t\t<div class=\"elementor-column elementor-col-25 elementor-top-column elementor-element elementor-element-5ae223b3\" data-id=\"5ae223b3\" data-element_type=\"column\" data-e-type=\"column\">\n\t\t\t<div class=\"elementor-widget-wrap elementor-element-populated\">\n\t\t\t\t\t\t<div class=\"elementor-element elementor-element-76465acc elementor-widget elementor-widget-heading\" data-id=\"76465acc\" data-element_type=\"widget\" data-e-type=\"widget\" data-widget_type=\"heading.default\">\n\t\t\t\t<div class=\"elementor-widget-container\">\n\t\t\t\t\t<h3 class=\"elementor-heading-title elementor-size-default\">Planifier votre itin\u00e9raire<\/h3>\t\t\t\t<\/div>\n\t\t\t\t<\/div>\n\t\t\t\t\t<\/div>\n\t\t<\/div>\n\t\t\t\t<div class=\"elementor-column elementor-col-25 elementor-top-column elementor-element elementor-element-55400331\" data-id=\"55400331\" data-element_type=\"column\" data-e-type=\"column\">\n\t\t\t<div class=\"elementor-widget-wrap\">\n\t\t\t\t\t\t\t<\/div>\n\t\t<\/div>\n\t\t\t\t<div class=\"elementor-column elementor-col-25 elementor-top-column elementor-element elementor-element-3623170d\" data-id=\"3623170d\" data-element_type=\"column\" data-e-type=\"column\">\n\t\t\t<div class=\"elementor-widget-wrap elementor-element-populated\">\n\t\t\t\t\t\t<div class=\"elementor-element elementor-element-c152d5a elementor-widget elementor-widget-global elementor-global-9307 elementor-widget-html\" data-id=\"c152d5a\" data-element_type=\"widget\" data-e-type=\"widget\" data-widget_type=\"html.default\">\n\t\t\t\t<div class=\"elementor-widget-container\">\n\t\t\t\t\t<script src=\"https:\/\/fpcdn.zvv.ch\/cdn\/v1\/widget.min.js\"><\/script>\n<div id=\"zvv-connectionsearch-widget\" data-from=\"\" data-fromlat=\"47.378492\" data-fromlon=\"8.537945\" data-to=\"Flaach, Ziegelh\u00fctte\" data-tolat=\"47.57896\" data-tolon=\"8.581696\" data-time=\"\" data-date=\"\"><\/div>\t\t\t\t<\/div>\n\t\t\t\t<\/div>\n\t\t\t\t\t<\/div>\n\t\t<\/div>\n\t\t\t\t<div class=\"elementor-column elementor-col-25 elementor-top-column elementor-element elementor-element-416b0409\" data-id=\"416b0409\" data-element_type=\"column\" data-e-type=\"column\">\n\t\t\t<div class=\"elementor-widget-wrap\">\n\t\t\t\t\t\t\t<\/div>\n\t\t<\/div>\n\t\t\t\t\t<\/div>\n\t\t<\/section>\n\t\t\t\t<\/div>\n\t\t","protected":false},"excerpt":{"rendered":"<p>Conf\u00e9rences et s\u00e9minaires Le centre nature dispose de locaux modernes pour conf\u00e9rences, s\u00e9minaires ou cours. Dans un cadre verdoyant et inspirant, vous pouvez vous concentrer en toute tranquillit\u00e9 sur votre sujet. Conf\u00e9rences et s\u00e9minaires Le centre nature dispose de locaux modernes pour conf\u00e9rences, s\u00e9minaires ou cours. Dans un cadre verdoyant et inspirant, vous pouvez vous [&hellip;]<\/p>\n","protected":false},"author":2,"featured_media":0,"parent":0,"menu_order":0,"comment_status":"closed","ping_status":"closed","template":"","meta":{"site-sidebar-layout":"no-sidebar","site-content-layout":"page-builder","ast-site-content-layout":"default","site-content-style":"default","site-sidebar-style":"default","ast-global-header-display":"","ast-banner-title-visibility":"","ast-main-header-display":"","ast-hfb-above-header-display":"","ast-hfb-below-header-display":"","ast-hfb-mobile-header-display":"","site-post-title":"disabled","ast-breadcrumbs-content":"","ast-featured-img":"disabled","footer-sml-layout":"","ast-disable-related-posts":"","theme-transparent-header-meta":"","adv-header-id-meta":"","stick-header-meta":"","header-above-stick-meta":"","header-main-stick-meta":"","header-below-stick-meta":"","astra-migrate-meta-layouts":"default","ast-page-background-enabled":"default","ast-page-background-meta":{"desktop":{"background-color":"var(--ast-global-color-4)","background-image":"","background-repeat":"repeat","background-position":"center center","background-size":"auto","background-attachment":"scroll","background-type":"","background-media":"","overlay-type":"","overlay-color":"","overlay-opacity":"","overlay-gradient":""},"tablet":{"background-color":"","background-image":"","background-repeat":"repeat","background-position":"center center","background-size":"auto","background-attachment":"scroll","background-type":"","background-media":"","overlay-type":"","overlay-color":"","overlay-opacity":"","overlay-gradient":""},"mobile":{"background-color":"","background-image":"","background-repeat":"repeat","background-position":"center center","background-size":"auto","background-attachment":"scroll","background-type":"","background-media":"","overlay-type":"","overlay-color":"","overlay-opacity":"","overlay-gradient":""}},"ast-content-background-meta":{"desktop":{"background-color":"var(--ast-global-color-5)","background-image":"","background-repeat":"repeat","background-position":"center center","background-size":"auto","background-attachment":"scroll","background-type":"","background-media":"","overlay-type":"","overlay-color":"","overlay-opacity":"","overlay-gradient":""},"tablet":{"background-color":"var(--ast-global-color-5)","background-image":"","background-repeat":"repeat","background-position":"center center","background-size":"auto","background-attachment":"scroll","background-type":"","background-media":"","overlay-type":"","overlay-color":"","overlay-opacity":"","overlay-gradient":""},"mobile":{"background-color":"var(--ast-global-color-5)","background-image":"","background-repeat":"repeat","background-position":"center center","background-size":"auto","background-attachment":"scroll","background-type":"","background-media":"","overlay-type":"","overlay-color":"","overlay-opacity":"","overlay-gradient":""}},"footnotes":""},"class_list":["post-28491","page","type-page","status-publish","hentry"],"_links":{"self":[{"href":"https:\/\/naturzentrum-thurauen.ch\/fr\/wp-json\/wp\/v2\/pages\/28491","targetHints":{"allow":["GET"]}}],"collection":[{"href":"https:\/\/naturzentrum-thurauen.ch\/fr\/wp-json\/wp\/v2\/pages"}],"about":[{"href":"https:\/\/naturzentrum-thurauen.ch\/fr\/wp-json\/wp\/v2\/types\/page"}],"author":[{"embeddable":true,"href":"https:\/\/naturzentrum-thurauen.ch\/fr\/wp-json\/wp\/v2\/users\/2"}],"replies":[{"embeddable":true,"href":"https:\/\/naturzentrum-thurauen.ch\/fr\/wp-json\/wp\/v2\/comments?post=28491"}],"version-history":[{"count":43,"href":"https:\/\/naturzentrum-thurauen.ch\/fr\/wp-json\/wp\/v2\/pages\/28491\/revisions"}],"predecessor-version":[{"id":30092,"href":"https:\/\/naturzentrum-thurauen.ch\/fr\/wp-json\/wp\/v2\/pages\/28491\/revisions\/30092"}],"wp:attachment":[{"href":"https:\/\/naturzentrum-thurauen.ch\/fr\/wp-json\/wp\/v2\/media?parent=28491"}],"curies":[{"name":"wp","href":"https:\/\/api.w.org\/{rel}","templated":true}]}}