{"id":35017,"date":"2024-01-18T14:54:50","date_gmt":"2024-01-18T13:54:50","guid":{"rendered":"https:\/\/naturzentrum-thurauen.ch\/events\/lehrpersonen-weiterbildung-biber-437\/"},"modified":"2026-02-10T11:32:09","modified_gmt":"2026-02-10T10:32:09","slug":"lehrpersonen-weiterbildung-greifvoegel-und-eulen","status":"publish","type":"mec-events","link":"https:\/\/naturzentrum-thurauen.ch\/fr\/events\/lehrpersonen-weiterbildung-greifvoegel-und-eulen\/","title":{"rendered":"Lehrpersonen-Weiterbildung: Greifv\u00f6gel und Eulen"},"content":{"rendered":"<p>Greifv\u00f6gel, Falken und Eulen faszinieren Gross und Klein. Welche Bedeutung die Tiere im \u00d6kosystem haben und wie bedroht viele Arten sind, ist den meisten Menschen jedoch nicht bekannt. Dies m\u00f6chten wir mit unserer Lehrpersonen-Weiterbildung \u00e4ndern: Gemeinsam gehen wir der Frage nach, weshalb es die Greifvogelstation braucht, welchen Bedrohungen die Tiere ausgesetzt sind und welche Rolle der Mensch dabei spielt.<\/p>\n<p>Sie erweitern durch Inputs und Aktivit\u00e4ten Ihr eigenes Fachwissen, lernen die Greifvogelstation und einige Pfleglinge mit ihren Geschichten hautnah kennen und erhalten Einblicke in unsere Unterrichtsmaterialien rund ums Thema \u00abGreifv\u00f6gel, Falken und Eulen der Schweiz\u00bb, welche Ihnen die Umsetzung des Themas in der eigenen Klasse erleichtern.<\/p>\n<p><strong>Zeit &amp; Treffpunkt:<br \/>\n<\/strong>13.45 Uhr, Greifvogelstation Berg am Irchel<\/p>\n<p><strong>Mitnehmen:<\/strong><\/p>\n<ul>\n<li><span style=\"font-weight: 300;\">wetterfeste, warme Kleidung und gutes Schuhwerk<\/span><\/li>\n<li>Bei Bedarf: Zwischenverpflegung<\/li>\n<\/ul>\n<p><strong>Anreise \u00f6ffentlicher Verkehr:<br \/>\n<\/strong>Bus 677 bis Haltestelle \u00abBerg am Irchel\u00bb, von dort den Schildern folgen (zu Fuss maximal 5 Minuten).<\/p>\n<p><strong>Besonderes:<\/strong><\/p>\n<ul>\n<li>Parken ist beim Landihaus oder in der weissen Zone der Schlossgasse m\u00f6glich. Direkt an der Greifvogelstation kann nicht geparkt werden.<\/li>\n<li>Aus R\u00fccksicht auf die Greifv\u00f6gel sind auf der Station keine Hunde zugelassen.<\/li>\n<li>Auf der Greifvogelstation kann nur bar oder mit Twint bezahlt werden. Kreditkartenzahlung ist nicht m\u00f6glich.<\/li>\n<\/ul>\n<p>Die Veranstaltung findet nur ab einer Mindestanzahl von 5 Teilnehmenden statt.<\/p>\n<p>Anmeldeschluss: Mittwoch, 21. Oktober 2026<\/p>\n<p>&gt; <a href=\"https:\/\/naturzentrum-thurauen.ch\/lehrpersonen-weiterbildungen\/\">Weitere Weiterbildungen<\/a><\/p>\n<p>Bitte beachten Sie die\u00a0<a href=\"https:\/\/paneco.ch\/wp-content\/uploads\/2026\/02\/AGB-2026-PanEco_LPWBs.pdf\" target=\"_blank\" rel=\"noopener\"><em>AGB<\/em><\/a>.<\/p>\n","protected":false},"excerpt":{"rendered":"<p>Greifv\u00f6gel, Falken und Eulen mit der Klasse thematisieren?  Sie erhalten bei uns das n\u00f6tige Hintergrundwissen, Ideen f\u00fcr den Unterricht und lernen unsere Arbeit aus n\u00e4chster N\u00e4he kennen. <\/p>\n","protected":false},"author":3,"featured_media":35010,"comment_status":"closed","ping_status":"closed","template":"","meta":{"site-sidebar-layout":"default","site-content-layout":"default","ast-site-content-layout":"default","site-content-style":"default","site-sidebar-style":"default","ast-global-header-display":"","ast-banner-title-visibility":"","ast-main-header-display":"","ast-hfb-above-header-display":"","ast-hfb-below-header-display":"","ast-hfb-mobile-header-display":"","site-post-title":"","ast-breadcrumbs-content":"","ast-featured-img":"","footer-sml-layout":"","ast-disable-related-posts":"","theme-transparent-header-meta":"default","adv-header-id-meta":"","stick-header-meta":"","header-above-stick-meta":"","header-main-stick-meta":"","header-below-stick-meta":"","astra-migrate-meta-layouts":"set","ast-page-background-enabled":"default","ast-page-background-meta":{"desktop":{"background-color":"var(--ast-global-color-4)","background-image":"","background-repeat":"repeat","background-position":"center center","background-size":"auto","background-attachment":"scroll","background-type":"","background-media":"","overlay-type":"","overlay-color":"","overlay-opacity":"","overlay-gradient":""},"tablet":{"background-color":"","background-image":"","background-repeat":"repeat","background-position":"center center","background-size":"auto","background-attachment":"scroll","background-type":"","background-media":"","overlay-type":"","overlay-color":"","overlay-opacity":"","overlay-gradient":""},"mobile":{"background-color":"","background-image":"","background-repeat":"repeat","background-position":"center center","background-size":"auto","background-attachment":"scroll","background-type":"","background-media":"","overlay-type":"","overlay-color":"","overlay-opacity":"","overlay-gradient":""}},"ast-content-background-meta":{"desktop":{"background-color":"var(--ast-global-color-5)","background-image":"","background-repeat":"repeat","background-position":"center center","background-size":"auto","background-attachment":"scroll","background-type":"","background-media":"","overlay-type":"","overlay-color":"","overlay-opacity":"","overlay-gradient":""},"tablet":{"background-color":"var(--ast-global-color-5)","background-image":"","background-repeat":"repeat","background-position":"center center","background-size":"auto","background-attachment":"scroll","background-type":"","background-media":"","overlay-type":"","overlay-color":"","overlay-opacity":"","overlay-gradient":""},"mobile":{"background-color":"var(--ast-global-color-5)","background-image":"","background-repeat":"repeat","background-position":"center center","background-size":"auto","background-attachment":"scroll","background-type":"","background-media":"","overlay-type":"","overlay-color":"","overlay-opacity":"","overlay-gradient":""}}},"tags":[],"mec_category":[604,603],"class_list":["post-35017","mec-events","type-mec-events","status-publish","has-post-thumbnail","hentry","mec_category-greifvogelstation","mec_category-lehrpersonen-weiterbildung"],"_links":{"self":[{"href":"https:\/\/naturzentrum-thurauen.ch\/fr\/wp-json\/wp\/v2\/mec-events\/35017","targetHints":{"allow":["GET"]}}],"collection":[{"href":"https:\/\/naturzentrum-thurauen.ch\/fr\/wp-json\/wp\/v2\/mec-events"}],"about":[{"href":"https:\/\/naturzentrum-thurauen.ch\/fr\/wp-json\/wp\/v2\/types\/mec-events"}],"author":[{"embeddable":true,"href":"https:\/\/naturzentrum-thurauen.ch\/fr\/wp-json\/wp\/v2\/users\/3"}],"replies":[{"embeddable":true,"href":"https:\/\/naturzentrum-thurauen.ch\/fr\/wp-json\/wp\/v2\/comments?post=35017"}],"wp:featuredmedia":[{"embeddable":true,"href":"https:\/\/naturzentrum-thurauen.ch\/fr\/wp-json\/wp\/v2\/media\/35010"}],"wp:attachment":[{"href":"https:\/\/naturzentrum-thurauen.ch\/fr\/wp-json\/wp\/v2\/media?parent=35017"}],"wp:term":[{"taxonomy":"post_tag","embeddable":true,"href":"https:\/\/naturzentrum-thurauen.ch\/fr\/wp-json\/wp\/v2\/tags?post=35017"},{"taxonomy":"mec_category","embeddable":true,"href":"https:\/\/naturzentrum-thurauen.ch\/fr\/wp-json\/wp\/v2\/mec_category?post=35017"}],"curies":[{"name":"wp","href":"https:\/\/api.w.org\/{rel}","templated":true}]}}